{"id":382,"date":"2022-09-18T10:08:21","date_gmt":"2022-09-18T13:08:21","guid":{"rendered":"https:\/\/litcult.net.br\/luizalobo\/?page_id=382"},"modified":"2022-09-18T10:27:09","modified_gmt":"2022-09-18T13:27:09","slug":"blog","status":"publish","type":"page","link":"https:\/\/litcult.net.br\/luizalobo\/blog\/","title":{"rendered":"Blog"},"content":{"rendered":"<div  class=\"ultp-post-grid-block wp-block-ultimate-post-post-grid-4 ultp-block-c14cbd\"><div class=\"ultp-block-wrapper\"><div class=\"ultp-loading\"><div class=\"ultp-loading-blocks\" style=\"width:100%;height:100%;\"><div style=\"left: 0;top: 0;animation-delay:0s;\"><\/div><div style=\"left: 21px;top: 0;animation-delay:0.125s;\"><\/div><div style=\"left: 42px;top: 0;animation-delay:0.25s;\"><\/div><div style=\"left: 0;top: 21px;animation-delay:0.875s;\"><\/div><div style=\"left: 42px;top: 21px;animation-delay:0.375s;\"><\/div><div style=\"left: 0;top: 42px;animation-delay:0.75s;\"><\/div><div style=\"left: 42px;top: 42px;animation-delay:0.625s;\"><\/div><div style=\"left: 21px;top: 42px;animation-delay:0.5s;\"><\/div><\/div><\/div><div class=\"ultp-block-items-wrap ultp-block-row ultp-layout1 ultp-block-content-\"><div class=\"ultp-block-item post-id-546\"><div class=\"ultp-block-content-wrap ultp-block-content-overlay\"><div class=\"ultp-block-image ultp-block-image-zoomIn\"><a href=\"https:\/\/litcult.net.br\/luizalobo\/saiu-pela-alta-books-minotauro-o-livro-de-contos-uma-outra-dimensao-de-luiza-lobo\/\" ><img decoding=\"async\"  alt=\"LAN\u00c7AMANTO: &#8220;Uma Outra Dimens\u00e3o&#8221; \u00e9 o mais recente livro de Luiza Lobo\"  src=\"https:\/\/litcult.net.br\/luizalobo\/wp-content\/uploads\/2025\/12\/image-1-870x570.png\" \/><\/a><\/div><div class=\"ultp-block-content ultp-block-content-bottomPosition\"><div class=\"ultp-block-content-inner\"><h3 class=\"ultp-block-title \"><a href=\"https:\/\/litcult.net.br\/luizalobo\/saiu-pela-alta-books-minotauro-o-livro-de-contos-uma-outra-dimensao-de-luiza-lobo\/\" >LAN\u00c7AMANTO: &#8220;Uma Outra Dimens\u00e3o&#8221; \u00e9 o mais recente livro de Luiza Lobo<\/a><\/h3><div class=\"ultp-block-excerpt\"><p>Saiu pela Alta Books\/Minotauro o livro de contos &#8220;Uma outra dimens\u00e3o&#8221;, de Luiza Lobo. Lan\u00e7ado em novembro de 2025, o&hellip;<\/p>\n<\/div><\/div><\/div><\/div><\/div><div class=\"ultp-block-item post-id-538\"><div class=\"ultp-block-content-wrap ultp-block-content-overlay\"><div class=\"ultp-block-image ultp-block-image-zoomIn\"><a href=\"https:\/\/litcult.net.br\/luizalobo\/luiza-lobo-e-eleita-presidente-da-ube-rj\/\" ><img decoding=\"async\"  alt=\"Luiza Lobo \u00e9 eleita presidente da UBE-RJ\"  src=\"https:\/\/litcult.net.br\/luizalobo\/wp-content\/uploads\/2025\/09\/instagram-17592264449023669368547499624917-600x600.jpg\" \/><\/a><\/div><div class=\"ultp-block-content ultp-block-content-bottomPosition\"><div class=\"ultp-block-content-inner\"><h3 class=\"ultp-block-title \"><a href=\"https:\/\/litcult.net.br\/luizalobo\/luiza-lobo-e-eleita-presidente-da-ube-rj\/\" >Luiza Lobo \u00e9 eleita presidente da UBE-RJ<\/a><\/h3><\/div><\/div><\/div><\/div><div class=\"ultp-block-item post-id-523\"><div class=\"ultp-block-content-wrap ultp-block-content-overlay\"><div class=\"ultp-block-image ultp-block-image-zoomIn\"><a href=\"https:\/\/litcult.net.br\/luizalobo\/leitura-na-academia-de-letras-do-brasil\/\" ><img decoding=\"async\"  alt=\"Leitura na Academia de Letras do Brasil\"  src=\"https:\/\/litcult.net.br\/luizalobo\/wp-content\/uploads\/2025\/06\/Captura-de-tela-2025-10-19-093629-600x356.png\" \/><\/a><\/div><div class=\"ultp-block-content ultp-block-content-bottomPosition\"><div class=\"ultp-block-content-inner\"><h3 class=\"ultp-block-title \"><a href=\"https:\/\/litcult.net.br\/luizalobo\/leitura-na-academia-de-letras-do-brasil\/\" >Leitura na Academia de Letras do Brasil<\/a><\/h3><\/div><\/div><\/div><\/div><\/div><\/div><div class=\"pagination-block-html\" aria-hidden=\"true\" style=\"display: none;\"><\/div><\/div>\n\n\n<div style=\"height:100px\" aria-hidden=\"true\" class=\"wp-block-spacer\"><\/div>\n\n\n<div  class=\"ultp-post-grid-block wp-block-ultimate-post-post-list-3 ultp-block-d8d391\"><div class=\"ultp-block-wrapper\"><div class=\"ultp-loading\"><div class=\"ultp-loading-blocks\" style=\"width:100%;height:100%;\"><div style=\"left: 0;top: 0;animation-delay:0s;\"><\/div><div style=\"left: 21px;top: 0;animation-delay:0.125s;\"><\/div><div style=\"left: 42px;top: 0;animation-delay:0.25s;\"><\/div><div style=\"left: 0;top: 21px;animation-delay:0.875s;\"><\/div><div style=\"left: 42px;top: 21px;animation-delay:0.375s;\"><\/div><div style=\"left: 0;top: 42px;animation-delay:0.75s;\"><\/div><div style=\"left: 42px;top: 42px;animation-delay:0.625s;\"><\/div><div style=\"left: 21px;top: 42px;animation-delay:0.5s;\"><\/div><\/div><\/div><div class=\"ultp-heading-filter\"><div class=\"ultp-heading-filter-in\"><div class=\"ultp-filter-navigation\"><\/div><\/div><\/div><div class=\"ultp-block-items-wrap ultp-block-row ultp-block-column-1 ultp-block-content-middle ultp-layout1\"><div class=\"ultp-block-item ultp-block-media post-id-546\"><div class=\"ultp-block-content-wrap\"><div class=\"ultp-block-image ultp-block-image-opacity\"><a href=\"https:\/\/litcult.net.br\/luizalobo\/saiu-pela-alta-books-minotauro-o-livro-de-contos-uma-outra-dimensao-de-luiza-lobo\/\" ><img decoding=\"async\"  alt=\"LAN\u00c7AMANTO: &#8220;Uma Outra Dimens\u00e3o&#8221; \u00e9 o mais recente livro de Luiza Lobo\"  src=\"https:\/\/litcult.net.br\/luizalobo\/wp-content\/uploads\/2025\/12\/image-1-600x600.png\" \/><\/a><\/div><div class=\"ultp-block-content\"><h3 class=\"ultp-block-title \"><a href=\"https:\/\/litcult.net.br\/luizalobo\/saiu-pela-alta-books-minotauro-o-livro-de-contos-uma-outra-dimensao-de-luiza-lobo\/\" >LAN\u00c7AMANTO: &#8220;Uma Outra Dimens\u00e3o&#8221; \u00e9 o mais recente livro de Luiza Lobo<\/a><\/h3><div class=\"ultp-block-excerpt\"><p>Saiu pela Alta Books\/Minotauro o livro de contos &#8220;Uma outra dimens\u00e3o&#8221;, de Luiza Lobo. Lan\u00e7ado em novembro de 2025, o livro j\u00e1 est\u00e1 dispon\u00edvel no site da editora e na Amazon. Os orix\u00e1s se erguem numa guerra contra o Pante\u00e3o&hellip;<\/p>\n<\/div><div class=\"ultp-block-readmore\"><a aria-label=\"LAN\u00c7AMANTO: &#8220;Uma Outra Dimens\u00e3o&#8221; \u00e9 o mais recente livro de Luiza Lobo\" href=\"https:\/\/litcult.net.br\/luizalobo\/saiu-pela-alta-books-minotauro-o-livro-de-contos-uma-outra-dimensao-de-luiza-lobo\/\" >LEia mais<svg xmlns=\"http:\/\/www.w3.org\/2000\/svg\" enable-background=\"new 0 0 53.76 53.76\" version=\"1.1\" viewBox=\"0 0 53.76 53.76\"><g transform=\"matrix(-1 3.6739e-16 -3.6739e-16 -1 53.76 53.76)\"><path class=\"active-path\" d=\"M44.574,53.76L9.186,26.88L44.574,0V53.76z M13.044,26.88l29.194,22.172V4.709L13.044,26.88z\" data-original=\"#000000\"\/><\/g><\/svg><\/a><\/div><\/div><\/div><\/div><div class=\"ultp-block-item ultp-block-media post-id-538\"><div class=\"ultp-block-content-wrap\"><div class=\"ultp-block-image ultp-block-image-opacity\"><a href=\"https:\/\/litcult.net.br\/luizalobo\/luiza-lobo-e-eleita-presidente-da-ube-rj\/\" ><img decoding=\"async\"  alt=\"Luiza Lobo \u00e9 eleita presidente da UBE-RJ\"  src=\"https:\/\/litcult.net.br\/luizalobo\/wp-content\/uploads\/2025\/09\/instagram-17592264449023669368547499624917-600x600.jpg\" \/><\/a><\/div><div class=\"ultp-block-content\"><h3 class=\"ultp-block-title \"><a href=\"https:\/\/litcult.net.br\/luizalobo\/luiza-lobo-e-eleita-presidente-da-ube-rj\/\" >Luiza Lobo \u00e9 eleita presidente da UBE-RJ<\/a><\/h3><div class=\"ultp-block-excerpt\"><p>A Uni\u00e3o Brasileira de Escritores do Rio de Janeiro (UBE-RJ) tem a honra de anunciar o resultado das elei\u00e7\u00f5es realizadas em 29 de setembro. A Chapa Recome\u00e7ando foi a vencedora e conduzir\u00e1 a institui\u00e7\u00e3o no per\u00edodo 2025-2027, sob a presid\u00eancia&hellip;<\/p>\n<\/div><div class=\"ultp-block-readmore\"><a aria-label=\"Luiza Lobo \u00e9 eleita presidente da UBE-RJ\" href=\"https:\/\/litcult.net.br\/luizalobo\/luiza-lobo-e-eleita-presidente-da-ube-rj\/\" >LEia mais<svg xmlns=\"http:\/\/www.w3.org\/2000\/svg\" enable-background=\"new 0 0 53.76 53.76\" version=\"1.1\" viewBox=\"0 0 53.76 53.76\"><g transform=\"matrix(-1 3.6739e-16 -3.6739e-16 -1 53.76 53.76)\"><path class=\"active-path\" d=\"M44.574,53.76L9.186,26.88L44.574,0V53.76z M13.044,26.88l29.194,22.172V4.709L13.044,26.88z\" data-original=\"#000000\"\/><\/g><\/svg><\/a><\/div><\/div><\/div><\/div><div class=\"ultp-block-item ultp-block-media post-id-523\"><div class=\"ultp-block-content-wrap\"><div class=\"ultp-block-image ultp-block-image-opacity\"><a href=\"https:\/\/litcult.net.br\/luizalobo\/leitura-na-academia-de-letras-do-brasil\/\" ><img decoding=\"async\"  alt=\"Leitura na Academia de Letras do Brasil\"  src=\"https:\/\/litcult.net.br\/luizalobo\/wp-content\/uploads\/2025\/06\/Captura-de-tela-2025-10-19-093629-600x356.png\" \/><\/a><\/div><div class=\"ultp-block-content\"><h3 class=\"ultp-block-title \"><a href=\"https:\/\/litcult.net.br\/luizalobo\/leitura-na-academia-de-letras-do-brasil\/\" >Leitura na Academia de Letras do Brasil<\/a><\/h3><div class=\"ultp-block-excerpt\"><p>Luiza Lobo lendo seu premiado conto S\u00edmbolo, publicado na revista da Academia de Letras do Brasil, de Bras\u00edlia, no dia 30\/06\/2025.<\/p>\n<\/div><div class=\"ultp-block-readmore\"><a aria-label=\"Leitura na Academia de Letras do Brasil\" href=\"https:\/\/litcult.net.br\/luizalobo\/leitura-na-academia-de-letras-do-brasil\/\" >LEia mais<svg xmlns=\"http:\/\/www.w3.org\/2000\/svg\" enable-background=\"new 0 0 53.76 53.76\" version=\"1.1\" viewBox=\"0 0 53.76 53.76\"><g transform=\"matrix(-1 3.6739e-16 -3.6739e-16 -1 53.76 53.76)\"><path class=\"active-path\" d=\"M44.574,53.76L9.186,26.88L44.574,0V53.76z M13.044,26.88l29.194,22.172V4.709L13.044,26.88z\" data-original=\"#000000\"\/><\/g><\/svg><\/a><\/div><\/div><\/div><\/div><div class=\"ultp-block-item ultp-block-media post-id-506\"><div class=\"ultp-block-content-wrap\"><div class=\"ultp-block-image ultp-block-image-opacity\"><a href=\"https:\/\/litcult.net.br\/luizalobo\/posse-de-luiza-lobo-na-academia-carioca-de-letras\/\" ><img decoding=\"async\"  alt=\"Posse de Luiza Lobo na Academia Carioca de Letras\"  src=\"https:\/\/litcult.net.br\/luizalobo\/wp-content\/uploads\/2025\/05\/Captura-de-tela-2025-05-26-153850-600x360.png\" \/><\/a><\/div><div class=\"ultp-block-content\"><h3 class=\"ultp-block-title \"><a href=\"https:\/\/litcult.net.br\/luizalobo\/posse-de-luiza-lobo-na-academia-carioca-de-letras\/\" >Posse de Luiza Lobo na Academia Carioca de Letras<\/a><\/h3><div class=\"ultp-block-excerpt\"><p>Luiza Lobo toma posse na Academia Carioca de Letras &#8211; ACL &#8211; no dia 21\/05\/2025 &#8211; na vaga 29, do patrono Olavo Bilac e \u00faltimo ocupante Waldir Ribeiro do Val e sob a presid\u00eancia de Sergio Fonta, vice-presid\u00eancia de Adriano&hellip;<\/p>\n<\/div><div class=\"ultp-block-readmore\"><a aria-label=\"Posse de Luiza Lobo na Academia Carioca de Letras\" href=\"https:\/\/litcult.net.br\/luizalobo\/posse-de-luiza-lobo-na-academia-carioca-de-letras\/\" >LEia mais<svg xmlns=\"http:\/\/www.w3.org\/2000\/svg\" enable-background=\"new 0 0 53.76 53.76\" version=\"1.1\" viewBox=\"0 0 53.76 53.76\"><g transform=\"matrix(-1 3.6739e-16 -3.6739e-16 -1 53.76 53.76)\"><path class=\"active-path\" d=\"M44.574,53.76L9.186,26.88L44.574,0V53.76z M13.044,26.88l29.194,22.172V4.709L13.044,26.88z\" data-original=\"#000000\"\/><\/g><\/svg><\/a><\/div><\/div><\/div><\/div><div class=\"ultp-block-item ultp-block-media post-id-493\"><div class=\"ultp-block-content-wrap\"><div class=\"ultp-block-image ultp-block-image-opacity\"><a href=\"https:\/\/litcult.net.br\/luizalobo\/o-pensamento-feminino-na-literatura-com-luiza-lobo\/\" ><img decoding=\"async\"  alt=\"&#8220;O pensamento feminista na literatura&#8221; com Luiza Lobo\"  src=\"https:\/\/litcult.net.br\/luizalobo\/wp-content\/uploads\/2024\/10\/Captura-de-tela-2024-10-14-092334-600x374.png\" \/><\/a><\/div><div class=\"ultp-block-content\"><h3 class=\"ultp-block-title \"><a href=\"https:\/\/litcult.net.br\/luizalobo\/o-pensamento-feminino-na-literatura-com-luiza-lobo\/\" >&#8220;O pensamento feminista na literatura&#8221; com Luiza Lobo<\/a><\/h3><div class=\"ultp-block-excerpt\"><\/div><div class=\"ultp-block-readmore\"><a aria-label=\"&#8220;O pensamento feminista na literatura&#8221; com Luiza Lobo\" href=\"https:\/\/litcult.net.br\/luizalobo\/o-pensamento-feminino-na-literatura-com-luiza-lobo\/\" >LEia mais<svg xmlns=\"http:\/\/www.w3.org\/2000\/svg\" enable-background=\"new 0 0 53.76 53.76\" version=\"1.1\" viewBox=\"0 0 53.76 53.76\"><g transform=\"matrix(-1 3.6739e-16 -3.6739e-16 -1 53.76 53.76)\"><path class=\"active-path\" d=\"M44.574,53.76L9.186,26.88L44.574,0V53.76z M13.044,26.88l29.194,22.172V4.709L13.044,26.88z\" data-original=\"#000000\"\/><\/g><\/svg><\/a><\/div><\/div><\/div><\/div><\/div><div class=\"ultp-pagination-wrap ultp-pagination-ajax-action\" data-paged=\"1\" data-expost=\"\"  data-blockid=\"d8d391\" data-postid=\"382\" data-pages=\"3\" data-blockname=\"ultimate-post_post-list-3\" data-selfpostid=\"no\"><ul class=\"ultp-pagination\"><li class=\"ultp-prev-page-numbers\" style=\"display:none\"><a href=\"https:\/\/litcult.net.br\/luizalobo\/wp-json\/wp\/v2\/pages\/382\/\"><svg enable-background=\"new 0 0 477.175 477.175\" version=\"1.1\" viewBox=\"0 0 477.18 477.18\"><path d=\"m145.19 238.58 215.5-215.5c5.3-5.3 5.3-13.8 0-19.1s-13.8-5.3-19.1 0l-225.1 225.1c-5.3 5.3-5.3 13.8 0 19.1l225.1 225c2.6 2.6 6.1 4 9.5 4s6.9-1.3 9.5-4c5.3-5.3 5.3-13.8 0-19.1l-215.4-215.5z\"><\/path><\/svg> Anterior<\/a><\/li><li class=\"ultp-center-item pagination-active\" data-current=\"1\"><a href=\"https:\/\/litcult.net.br\/luizalobo\/wp-json\/wp\/v2\/pages\/382\/\">1<\/a><\/li><li class=\"ultp-center-item\" data-current=\"2\" ><a href=\"https:\/\/litcult.net.br\/luizalobo\/wp-json\/wp\/v2\/pages\/382\/page\/2\/\">2<\/a><\/li><li class=\"ultp-center-item\" data-current=\"3\" ><a href=\"https:\/\/litcult.net.br\/luizalobo\/wp-json\/wp\/v2\/pages\/382\/page\/3\/\">3<\/a><\/li><li class=\"ultp-next-page-numbers\"><a href=\"https:\/\/litcult.net.br\/luizalobo\/wp-json\/wp\/v2\/pages\/382\/page\/2\/\">Pr\u00f3ximo<svg enable-background=\"new 0 0 477.175 477.175\" version=\"1.1\" viewBox=\"0 0 477.18 477.18\"><path d=\"m360.73 229.08-225.1-225.1c-5.3-5.3-13.8-5.3-19.1 0s-5.3 13.8 0 19.1l215.5 215.5-215.5 215.5c-5.3 5.3-5.3 13.8 0 19.1 2.6 2.6 6.1 4 9.5 4s6.9-1.3 9.5-4l225.1-225.1c5.3-5.2 5.3-13.8 0.1-19z\"><\/path><\/svg><\/a><\/li><\/ul><\/div><\/div><div class=\"pagination-block-html\" aria-hidden=\"true\" style=\"display: none;\"><\/div><\/div>","protected":false},"excerpt":{"rendered":"","protected":false},"author":2,"featured_media":0,"parent":0,"menu_order":0,"comment_status":"closed","ping_status":"closed","template":"","meta":{"_uag_custom_page_level_css":"","advgb_blocks_editor_width":"","advgb_blocks_columns_visual_guide":"","footnotes":""},"class_list":["post-382","page","type-page","status-publish","hentry"],"featured_image_src":null,"uagb_featured_image_src":{"full":false,"thumbnail":false,"medium":false,"medium_large":false,"large":false,"1536x1536":false,"2048x2048":false,"ultp_layout_landscape_large":false,"ultp_layout_landscape":false,"ultp_layout_portrait":false,"ultp_layout_square":false},"uagb_author_info":{"display_name":"Ivan Aguilar","author_link":"https:\/\/litcult.net.br\/luizalobo\/author\/ivan\/"},"uagb_comment_info":0,"uagb_excerpt":null,"coauthors":[],"author_meta":{"author_link":"https:\/\/litcult.net.br\/luizalobo\/author\/ivan\/","display_name":"Ivan Aguilar"},"relative_dates":{"created":"Publicado 4 anos atr\u00e1s","modified":"Atualizado 4 anos atr\u00e1s"},"absolute_dates":{"created":"Publicado em 18\/09\/2022","modified":"Atualizado em 18\/09\/2022"},"absolute_dates_time":{"created":"Publicado em 18\/09\/2022 10:08","modified":"Atualizado em 18\/09\/2022 10:27"},"featured_img_caption":"","featured_img":false,"series_order":"","jetpack_sharing_enabled":true,"_links":{"self":[{"href":"https:\/\/litcult.net.br\/luizalobo\/wp-json\/wp\/v2\/pages\/382","targetHints":{"allow":["GET"]}}],"collection":[{"href":"https:\/\/litcult.net.br\/luizalobo\/wp-json\/wp\/v2\/pages"}],"about":[{"href":"https:\/\/litcult.net.br\/luizalobo\/wp-json\/wp\/v2\/types\/page"}],"author":[{"embeddable":true,"href":"https:\/\/litcult.net.br\/luizalobo\/wp-json\/wp\/v2\/users\/2"}],"replies":[{"embeddable":true,"href":"https:\/\/litcult.net.br\/luizalobo\/wp-json\/wp\/v2\/comments?post=382"}],"version-history":[{"count":13,"href":"https:\/\/litcult.net.br\/luizalobo\/wp-json\/wp\/v2\/pages\/382\/revisions"}],"predecessor-version":[{"id":557,"href":"https:\/\/litcult.net.br\/luizalobo\/wp-json\/wp\/v2\/pages\/382\/revisions\/557"}],"wp:attachment":[{"href":"https:\/\/litcult.net.br\/luizalobo\/wp-json\/wp\/v2\/media?parent=382"}],"curies":[{"name":"wp","href":"https:\/\/api.w.org\/{rel}","templated":true}]}}